{"id":254,"date":"2011-09-30T20:28:16","date_gmt":"2011-09-30T20:28:16","guid":{"rendered":"http:\/\/memorialcompanyssabadell.cat\/?page_id=2"},"modified":"2023-10-14T19:18:15","modified_gmt":"2023-10-14T17:18:15","slug":"pagina-exemple-2","status":"publish","type":"page","link":"http:\/\/www.memorialcompanyssabadell.cat\/?page_id=254","title":{"rendered":"Adhesions"},"content":{"rendered":"<h1>Formulari per adherir-se al Memorial Llu\u00eds Companys a Sabadell<\/h1>\n<p>El formulari est\u00e0 temporalment inhabilitat. Aviat tornar\u00e0 a funcionar. Disculpeu les mol\u00e8sties.<\/p>\n<p>Les entitats adherides al Memorial Llu\u00eds Companys a Sabadell s\u00f3n les seg\u00fcents:<\/p>\n<ul id=\"entitats\">\n<li><a href=\"http:\/\/memorialcompanyssabadell.cat\/www.euia.cat\/sabadell\" target=\"_blank\" rel=\"noopener\">Alternativa Jove &#8211; Joves d&#8217;EUiA<\/a><\/li>\n<li><a href=\"http:\/\/assemblea.cat\" target=\"_blank\" rel=\"noopener\">Sabadell per la Independ\u00e8ncia &#8211; Assemblea Nacional Catalana<\/a><\/li>\n<li><a href=\"https:\/\/sites.google.com\/site\/associacioculturalencaix\/\" target=\"_blank\" rel=\"noopener\">Associaci\u00f3 Cultural Encaix<\/a><\/li>\n<li><a href=\"http:\/\/memorialcompanyssabadell.cat\/?page_id=2\" target=\"_blank\" rel=\"noopener\">Associaci\u00f3 de Ve\u00efns de Gr\u00e0cia<\/a><\/li>\n<li><a href=\"http:\/\/www.creualta.cat\" target=\"_blank\" rel=\"noopener\">Associaci\u00f3 de Ve\u00efns de la Creu Alta<\/a><\/li>\n<li><a href=\"http:\/\/territorials.reagrupament.cat\/vallesoccidental-est\" target=\"_blank\" rel=\"noopener\">Associaci\u00f3 Reagrupament Independentista de Sabadell<\/a><\/li>\n<li><a href=\"http:\/\/sabadellperlarepublica.blogspot.com\/\" target=\"_blank\" rel=\"noopener\">Associaci\u00f3 Sabadell per la Rep\u00fablica<\/a><\/li>\n<li><a href=\"http:\/\/www.bastoners.info\" target=\"_blank\" rel=\"noopener\">Bastoners de Sabadell<\/a><\/li>\n<li><a href=\"http:\/\/cancapablanca.cat\" target=\"_blank\" rel=\"noopener\">Casal Independentista i Popular Can Capablanca de Sabadell<\/a><\/li>\n<li><a href=\"http:\/\/sabadell.cup.cat\" target=\"_blank\" rel=\"noopener\">Candidatura d&#8217;Unitat Popular de Sabadell<\/a><\/li>\n<li><a href=\"http:\/\/www.cal.cat\" target=\"_blank\" rel=\"noopener\">Coordinadora d&#8217;Associacions per la Llengua <\/a><\/li>\n<li><a href=\"http:\/\/entesa.org\" target=\"_blank\" rel=\"noopener\">Entesa per Sabadell<\/a><\/li>\n<li><a href=\"http:\/\/locals.esquerra.cat\/sabadell\" target=\"_blank\" rel=\"noopener\">Esquerra Republicana de Sabadell<\/a><\/li>\n<li>Esquerra Unida i Alternativa &#8211; EUiA de Sabadell<\/li>\n<li><a href=\"http:\/\/www.fbc.cat\" target=\"_blank\" rel=\"noopener\">Fundaci\u00f3 Bosch i Cardellach<\/a><\/li>\n<li><a href=\"http:\/\/www.sabadellencomu.cat\" target=\"_blank\" rel=\"noopener\">Sabadell en Com\u00fa<\/a><\/li>\n<li><a href=\"https:\/\/joventrepublica.cat\/regionals\/vallesoccidental\" target=\"_blank\" rel=\"noopener\">Jovent Republic\u00e0 Sabadell<\/a><\/li>\n<li><a href=\"http:\/\/www.jnc.cat\" target=\"_blank\" rel=\"noopener\">Joventuts Nacionalistes de Catalunya <\/a><\/li>\n<li><a href=\"http:\/\/mps.cat\" target=\"_blank\" rel=\"noopener\">Moviment Popular de Sabadell<\/a><\/li>\n<li><a href=\"http:\/\/sabadell.omnium.cat\" target=\"_blank\" rel=\"noopener\">\u00d2mnium Cultural Sabadell<\/a><\/li>\n<li><a href=\"http:\/\/memorialcompanyssabadell.cat\/www.pcc.cat\" target=\"_blank\" rel=\"noopener\">Partit dels i les Comunistes de Catalunya &#8211; Sabadell<\/a><\/li>\n<li><a href=\"http:\/\/plataformapeldretdedecidir.cat\/\" target=\"_blank\" rel=\"noopener\">Plataforma pel Dret de Decidir<\/a><\/li>\n<li>Plataforma per l&#8217;autodeterminaci\u00f3 a Sabadell (dissolta)<\/li>\n<li><a href=\"https:\/\/www.plataforma-llengua.cat\/territorials\/vallesoccidental\/\" target=\"_blank\" rel=\"noopener\">Plataforma per la Llengua\u00a0&#8211; Territorial Vall\u00e8s Occidental<\/a><\/li>\n<li><a href=\"http:\/\/www.poblelliure.cat\/\" target=\"_blank\" rel=\"noopener\">Poble Lliure<\/a><\/li>\n<li><a href=\"http:\/\/www.poblequecanta.cat\/\" target=\"_blank\" rel=\"noopener\">Poble que Canta<\/a><\/li>\n<li><a href=\"http:\/\/territori.solidaritatcatalana.cat\/sabadell\">Solidaritat Catalana per la Independ\u00e8ncia &#8211; Sabadell<\/a><\/li>\n<li><a href=\"http:\/\/memorialcompanyssabadell.cat\/ues.cat\" target=\"_blank\" rel=\"noopener\">Uni\u00f3 Excursionista de Sabadell (UES)<\/a><\/li>\n<\/ul>\n<p>&nbsp;<\/p>\n","protected":false},"excerpt":{"rendered":"<p>Formulari per adherir-se al Memorial Llu\u00eds Companys a Sabadell El formulari est\u00e0 temporalment inhabilitat. Aviat tornar\u00e0 a funcionar. Disculpeu les mol\u00e8sties. Les entitats adherides al Memorial Llu\u00eds Companys a Sabadell s\u00f3n les seg\u00fcents: Alternativa Jove &#8211; Joves d&#8217;EUiA Sabadell per &hellip; <a href=\"http:\/\/www.memorialcompanyssabadell.cat\/?page_id=254\">Continua llegint <span class=\"meta-nav\">&rarr;<\/span><\/a><\/p>\n","protected":false},"author":1,"featured_media":0,"parent":0,"menu_order":0,"comment_status":"closed","ping_status":"open","template":"","meta":{"footnotes":""},"class_list":["post-254","page","type-page","status-publish","hentry"],"_links":{"self":[{"href":"http:\/\/www.memorialcompanyssabadell.cat\/index.php?rest_route=\/wp\/v2\/pages\/254","targetHints":{"allow":["GET"]}}],"collection":[{"href":"http:\/\/www.memorialcompanyssabadell.cat\/index.php?rest_route=\/wp\/v2\/pages"}],"about":[{"href":"http:\/\/www.memorialcompanyssabadell.cat\/index.php?rest_route=\/wp\/v2\/types\/page"}],"author":[{"embeddable":true,"href":"http:\/\/www.memorialcompanyssabadell.cat\/index.php?rest_route=\/wp\/v2\/users\/1"}],"replies":[{"embeddable":true,"href":"http:\/\/www.memorialcompanyssabadell.cat\/index.php?rest_route=%2Fwp%2Fv2%2Fcomments&post=254"}],"version-history":[{"count":2,"href":"http:\/\/www.memorialcompanyssabadell.cat\/index.php?rest_route=\/wp\/v2\/pages\/254\/revisions"}],"predecessor-version":[{"id":1624,"href":"http:\/\/www.memorialcompanyssabadell.cat\/index.php?rest_route=\/wp\/v2\/pages\/254\/revisions\/1624"}],"wp:attachment":[{"href":"http:\/\/www.memorialcompanyssabadell.cat\/index.php?rest_route=%2Fwp%2Fv2%2Fmedia&parent=254"}],"curies":[{"name":"wp","href":"https:\/\/api.w.org\/{rel}","templated":true}]}}